{"id":6,"date":"2021-06-04T11:31:56","date_gmt":"2021-06-04T11:31:56","guid":{"rendered":"https:\/\/aguinaldo.eu\/?page_id=6"},"modified":"2021-12-02T08:23:36","modified_gmt":"2021-12-02T08:23:36","slug":"aguinaldo","status":"publish","type":"page","link":"https:\/\/aguinaldo.eu\/index.php\/aguinaldo\/","title":{"rendered":"Aguinaldo"},"content":{"rendered":"<p>[et_pb_section fb_built=\u00bb1&#8243; admin_label=\u00bbSeasonal Collection\u00bb _builder_version=\u00bb4.9.4&#8243; background_color=\u00bb#264059&#8243; use_background_color_gradient=\u00bbon\u00bb background_color_gradient_start=\u00bb#264059&#8243; background_color_gradient_end=\u00bbrgba(38,64,89,0)\u00bb background_color_gradient_direction=\u00bb90deg\u00bb background_color_gradient_start_position=\u00bb30%\u00bb background_color_gradient_end_position=\u00bb80%\u00bb background_color_gradient_overlays_image=\u00bbon\u00bb background_image=\u00bbhttps:\/\/aguinaldo.eu\/wp-content\/uploads\/2021\/06\/El-Aguinaldo-a-scaled.jpg\u00bb custom_margin=\u00bb|||\u00bb custom_padding=\u00bb10%|0px|10%|0px\u00bb][et_pb_row custom_padding_last_edited=\u00bboff|desktop\u00bb admin_label=\u00bbHero Area\u00bb _builder_version=\u00bb3.25&#8243; custom_padding=\u00bb27px|0px|0px|0px\u00bb][et_pb_column type=\u00bb4_4&#8243; _builder_version=\u00bb3.25&#8243; custom_padding=\u00bb|||\u00bb custom_padding__hover=\u00bb|||\u00bb][et_pb_text admin_label=\u00bbHero Title\u00bb _builder_version=\u00bb4.9.4&#8243; text_font=\u00bbPlayfair Display||||||||\u00bb header_font=\u00bbAlice||||||||\u00bb header_font_size=\u00bb120px\u00bb header_letter_spacing=\u00bb-3px\u00bb header_line_height=\u00bb1.1em\u00bb background_layout=\u00bbdark\u00bb animation_style=\u00bbfade\u00bb animation_direction=\u00bbleft\u00bb animation_duration=\u00bb2000ms\u00bb hover_enabled=\u00bb0&#8243; text_font_size_last_edited=\u00bboff|desktop\u00bb header_font_size_tablet=\u00bb\u00bb header_font_size_phone=\u00bb60px\u00bb header_font_size_last_edited=\u00bbon|desktop\u00bb sticky_enabled=\u00bb0&#8243;]<\/p>\n<h1>Fuentes documentales<\/h1>\n<h2>El Guirria y el Aguinaldo \u00a0de Bele\u00f1o<\/h2>\n<p>[\/et_pb_text][et_pb_text _builder_version=\u00bb4.9.4&#8243; text_font=\u00bb||||||||\u00bb text_font_size=\u00bb18px\u00bb text_line_height=\u00bb1.8em\u00bb header_font=\u00bb||||||||\u00bb background_layout=\u00bbdark\u00bb max_width=\u00bb500px\u00bb custom_margin=\u00bb|||\u00bb custom_padding=\u00bb||10px|\u00bb animation_style=\u00bbfade\u00bb animation_direction=\u00bbleft\u00bb animation_duration=\u00bb2000ms\u00bb animation_delay=\u00bb1000ms\u00bb]<\/p>\n<h3>Concejo de Ponga, Asturias<\/h3>\n<p>Patrimonio cultural<\/p>\n<p>[\/et_pb_text][et_pb_button button_url=\u00bbhttps:\/\/aguinaldo.eu\/wp-content\/uploads\/2021\/06\/Aguinaldo-descripcion-del-proyecto.pdf\u00bb url_new_window=\u00bbon\u00bb button_text=\u00bbProyecto\u00bb _builder_version=\u00bb4.9.4&#8243; custom_button=\u00bbon\u00bb button_text_size=\u00bb15px\u00bb button_text_color=\u00bb#f7f3ee\u00bb button_bg_color=\u00bb#959d93&#8243; button_border_width=\u00bb0px\u00bb button_border_radius=\u00bb100px\u00bb button_letter_spacing=\u00bb2px\u00bb button_font=\u00bb|700||on|||||\u00bb button_use_icon=\u00bboff\u00bb custom_padding=\u00bb16px|30px|16px|30px\u00bb animation_style=\u00bbfade\u00bb animation_duration=\u00bb2000ms\u00bb animation_delay=\u00bb1500ms\u00bb button_letter_spacing_hover=\u00bb2px\u00bb button_bg_color_hover=\u00bb#e0c588&#8243; button_text_size__hover_enabled=\u00bboff\u00bb button_one_text_size__hover_enabled=\u00bboff\u00bb button_two_text_size__hover_enabled=\u00bboff\u00bb button_text_color__hover_enabled=\u00bboff\u00bb button_one_text_color__hover_enabled=\u00bboff\u00bb button_two_text_color__hover_enabled=\u00bboff\u00bb button_border_width__hover_enabled=\u00bboff\u00bb button_one_border_width__hover_enabled=\u00bboff\u00bb button_two_border_width__hover_enabled=\u00bboff\u00bb button_border_color__hover_enabled=\u00bboff\u00bb button_one_border_color__hover_enabled=\u00bboff\u00bb button_two_border_color__hover_enabled=\u00bboff\u00bb button_border_radius__hover_enabled=\u00bboff\u00bb button_one_border_radius__hover_enabled=\u00bboff\u00bb button_two_border_radius__hover_enabled=\u00bboff\u00bb button_letter_spacing__hover_enabled=\u00bbon\u00bb button_letter_spacing__hover=\u00bb2px\u00bb button_one_letter_spacing__hover_enabled=\u00bboff\u00bb button_two_letter_spacing__hover_enabled=\u00bboff\u00bb button_bg_color__hover_enabled=\u00bbon\u00bb button_bg_color__hover=\u00bb#e0c588&#8243; button_one_bg_color__hover_enabled=\u00bboff\u00bb button_two_bg_color__hover_enabled=\u00bboff\u00bb][\/et_pb_button][\/et_pb_column][\/et_pb_row][\/et_pb_section][et_pb_section fb_built=\u00bb1&#8243; admin_label=\u00bbOur Specialties Section\u00bb _builder_version=\u00bb3.22&#8243; custom_padding=\u00bb110px||110px|\u00bb][et_pb_row admin_label=\u00bbTitle Area\u00bb _builder_version=\u00bb3.25&#8243;][et_pb_column type=\u00bb4_4&#8243; _builder_version=\u00bb3.25&#8243; custom_padding=\u00bb|||\u00bb custom_padding__hover=\u00bb|||\u00bb][et_pb_text admin_label=\u00bbTitle\u00bb _builder_version=\u00bb4.9.4&#8243; text_font=\u00bb||||||||\u00bb header_font=\u00bb||||||||\u00bb header_2_font=\u00bbAlice||||||||\u00bb header_2_text_align=\u00bbcenter\u00bb header_2_font_size=\u00bb42px\u00bb header_2_line_height=\u00bb1.3em\u00bb custom_margin=\u00bb||20px|\u00bb animation_style=\u00bbslide\u00bb animation_direction=\u00bbtop\u00bb animation_intensity_slide=\u00bb30%\u00bb animation_starting_opacity=\u00bb100%\u00bb]<\/p>\n<h2>Documental<\/h2>\n<p>[\/et_pb_text][et_pb_text admin_label=\u00bbSubtitle\u00bb _builder_version=\u00bb4.9.4&#8243; text_font=\u00bb||||||||\u00bb text_font_size=\u00bb16px\u00bb text_line_height=\u00bb1.8em\u00bb text_orientation=\u00bbcenter\u00bb max_width=\u00bb700px\u00bb module_alignment=\u00bbcenter\u00bb animation_style=\u00bbslide\u00bb animation_direction=\u00bbtop\u00bb animation_intensity_slide=\u00bb20%\u00bb animation_starting_opacity=\u00bb100%\u00bb hover_enabled=\u00bb0&#8243; sticky_enabled=\u00bb0&#8243;]<\/p>\n<p style=\"text-align: left;\">Proyecto presentado en 2020 al Programa de Ayudas Leader del Oriente de Asturias por la Asociaci\u00f3n Cultural Comunicoop (Comunicaci\u00f3n cooperativa). La aprobaci\u00f3n de la ayuda fue publicada en el BOPA de 22 de abril de 2021, y es de 12.938 \u20ac.<\/p>\n<p>[\/et_pb_text][et_pb_divider color=\u00bb#2a2a2a\u00bb divider_weight=\u00bb3px\u00bb _builder_version=\u00bb4.9.4&#8243; max_width=\u00bb50px\u00bb module_alignment=\u00bbcenter\u00bb custom_margin=\u00bb||10px|\u00bb animation_style=\u00bbslide\u00bb animation_direction=\u00bbtop\u00bb animation_intensity_slide=\u00bb30%\u00bb animation_starting_opacity=\u00bb100%\u00bb][\/et_pb_divider][et_pb_text admin_label=\u00bbTitle\u00bb _builder_version=\u00bb4.9.4&#8243; text_font=\u00bb||||||||\u00bb header_font=\u00bb||||||||\u00bb header_2_font=\u00bbAlice||||||||\u00bb header_2_text_align=\u00bbcenter\u00bb header_2_font_size=\u00bb31px\u00bb header_2_line_height=\u00bb1.3em\u00bb custom_margin=\u00bb||20px|\u00bb animation_style=\u00bbslide\u00bb animation_direction=\u00bbtop\u00bb animation_intensity_slide=\u00bb30%\u00bb animation_starting_opacity=\u00bb100%\u00bb hover_enabled=\u00bb0&#8243; sticky_enabled=\u00bb0&#8243;]<\/p>\n<h2>Im\u00e1genes<\/h2>\n<p>[\/et_pb_text][et_pb_text admin_label=\u00bbSubtitle\u00bb _builder_version=\u00bb4.9.4&#8243; text_font=\u00bb||||||||\u00bb text_font_size=\u00bb16px\u00bb text_line_height=\u00bb1.8em\u00bb text_orientation=\u00bbcenter\u00bb max_width=\u00bb700px\u00bb module_alignment=\u00bbcenter\u00bb animation_style=\u00bbfade\u00bb animation_direction=\u00bbtop\u00bb animation_starting_opacity=\u00bb100%\u00bb]<\/p>\n<ul>\n<li style=\"text-align: left;\">Imagen hist\u00f3rica, procedente de diapositivas e im\u00e1genes de archivo.<\/li>\n<li style=\"text-align: left;\">El Aguinaldo en 2008-2009, tras la declaraci\u00f3n de Ponga como espacio protegido: pel\u00edcula filmada en 16 mm y video en formato HD-Cam<\/li>\n<li style=\"text-align: left;\">Contexto actual y conservaci\u00f3n de la tradici\u00f3n. Comisi\u00f3n de la Fiesta, Corporaci\u00f3n municipal, Vecinos de Bele\u00f1o: perspectivas. (pendiente de grabaci\u00f3n).<\/li>\n<\/ul>\n<p>[\/et_pb_text][\/et_pb_column][\/et_pb_row][et_pb_row column_structure=\u00bb1_3,1_3,1_3&#8243; admin_label=\u00bbOur Specialties\u00bb _builder_version=\u00bb4.9.4&#8243; custom_margin=\u00bb40px|||\u00bb][et_pb_column type=\u00bb1_3&#8243; _builder_version=\u00bb4.9.4&#8243; custom_padding=\u00bb|||\u00bb link_option_url=\u00bbhttps:\/\/aguinaldo.eu\/index.php\/project\/fotografia\/\u00bb custom_padding__hover=\u00bb|||\u00bb][et_pb_image src=\u00bbhttps:\/\/aguinaldo.eu\/wp-content\/uploads\/2021\/06\/En-hilera-scaled.jpg\u00bb title_text=\u00bbEn hilera\u00bb force_fullwidth=\u00bbon\u00bb align_tablet=\u00bbcenter\u00bb align_phone=\u00bb\u00bb align_last_edited=\u00bbon|desktop\u00bb _builder_version=\u00bb4.9.4&#8243; animation_style=\u00bbzoom\u00bb animation_direction=\u00bbtop\u00bb animation_intensity_zoom=\u00bb10%\u00bb animation_starting_opacity=\u00bb100%\u00bb][\/et_pb_image][et_pb_text _builder_version=\u00bb4.9.4&#8243; text_font=\u00bb||||||||\u00bb text_font_size=\u00bb16px\u00bb text_line_height=\u00bb1.8em\u00bb header_font=\u00bb||||||||\u00bb header_3_font=\u00bb|600|||||||\u00bb header_3_line_height=\u00bb1.5em\u00bb custom_margin=\u00bb40px||10px|\u00bb custom_padding=\u00bb|||\u00bb animation_style=\u00bbflip\u00bb animation_starting_opacity=\u00bb100%\u00bb]<\/p>\n<h3>Archivo fotogr\u00e1fico<\/h3>\n<p>Diaporama de Ra\u00fal V\u00e1zquez realizado a finales de los 70, junto con im\u00e1genes de etapas anteriores, sobre la fiesta.<\/p>\n<p>[\/et_pb_text][\/et_pb_column][et_pb_column type=\u00bb1_3&#8243; _builder_version=\u00bb4.9.4&#8243; custom_padding=\u00bb|||\u00bb link_option_url=\u00bbhttps:\/\/aguinaldo.eu\/index.php\/project\/el-aguinaldo-en-16-mm\/\u00bb custom_padding__hover=\u00bb|||\u00bb][et_pb_image src=\u00bbhttps:\/\/aguinaldo.eu\/wp-content\/uploads\/2021\/06\/Filmando-a-caballo-copia.jpg\u00bb title_text=\u00bbFilmando a caballo b\u00bb force_fullwidth=\u00bbon\u00bb align_tablet=\u00bbcenter\u00bb align_phone=\u00bb\u00bb align_last_edited=\u00bbon|desktop\u00bb _builder_version=\u00bb4.9.4&#8243; animation_style=\u00bbzoom\u00bb animation_direction=\u00bbtop\u00bb animation_intensity_zoom=\u00bb10%\u00bb animation_starting_opacity=\u00bb100%\u00bb][\/et_pb_image][et_pb_text _builder_version=\u00bb4.9.4&#8243; text_font=\u00bb||||||||\u00bb text_font_size=\u00bb16px\u00bb text_line_height=\u00bb1.8em\u00bb header_font=\u00bb||||||||\u00bb header_3_font=\u00bb|600|||||||\u00bb header_3_line_height=\u00bb1.5em\u00bb custom_margin=\u00bb40px||10px|\u00bb custom_padding=\u00bb|||\u00bb animation_style=\u00bbflip\u00bb animation_starting_opacity=\u00bb100%\u00bb]<\/p>\n<h3>2008-2009, en 16 mm<\/h3>\n<p>Oliver Laxe, filmando a caballo en el barrio de El Reboll\u00edn el d\u00eda de A\u00f1o Nuevo de 2009, con c\u00e1mara de 16 mm.<\/p>\n<p>[\/et_pb_text][\/et_pb_column][et_pb_column type=\u00bb1_3&#8243; _builder_version=\u00bb4.9.4&#8243; custom_padding=\u00bb|||\u00bb link_option_url=\u00bbhttps:\/\/aguinaldo.eu\/index.php\/project\/comunicoop\/\u00bb custom_padding__hover=\u00bb|||\u00bb][et_pb_image src=\u00bbhttps:\/\/aguinaldo.eu\/wp-content\/uploads\/2021\/06\/Cesar-Horreo.png\u00bb title_text=\u00bbCesar H\u00f3rreo\u00bb force_fullwidth=\u00bbon\u00bb align_tablet=\u00bbcenter\u00bb align_phone=\u00bb\u00bb align_last_edited=\u00bbon|desktop\u00bb _builder_version=\u00bb4.9.4&#8243; animation_style=\u00bbzoom\u00bb animation_direction=\u00bbtop\u00bb animation_intensity_zoom=\u00bb10%\u00bb animation_starting_opacity=\u00bb100%\u00bb][\/et_pb_image][et_pb_text _builder_version=\u00bb4.9.4&#8243; text_font=\u00bb||||||||\u00bb text_font_size=\u00bb16px\u00bb text_line_height=\u00bb1.8em\u00bb header_font=\u00bb||||||||\u00bb header_3_font=\u00bb|600|||||||\u00bb header_3_line_height=\u00bb1.5em\u00bb custom_margin=\u00bb40px||10px|\u00bb custom_padding=\u00bb|||\u00bb animation_style=\u00bbflip\u00bb animation_starting_opacity=\u00bb100%\u00bb]<\/p>\n<h3>V\u00eddeo en HD-Cam<\/h3>\n<p>C\u00e9sar H\u00f3rreo, con varios miembros de Comunicoop (constituida posteriormente) registr\u00f3 en video el evento.<\/p>\n<p>[\/et_pb_text][\/et_pb_column][\/et_pb_row][et_pb_row custom_padding_last_edited=\u00bboff|desktop\u00bb admin_label=\u00bbHero Area\u00bb _builder_version=\u00bb3.25&#8243; custom_padding=\u00bb27px|0px|0px|0px\u00bb locked=\u00bboff\u00bb][et_pb_column type=\u00bb4_4&#8243; _builder_version=\u00bb3.25&#8243; custom_padding=\u00bb|||\u00bb custom_padding__hover=\u00bb|||\u00bb][et_pb_text content_tablet=\u00bb\u00bb content_phone=\u00bb<\/p>\n<h4 style=%22text-align: center;%22>Comunicaci\u00f3n cooperativa<\/h4>\n<p>\u00bb content_last_edited=\u00bbon|phone\u00bb admin_label=\u00bbTitle\u00bb _builder_version=\u00bb4.9.4&#8243; text_font=\u00bb||||||||\u00bb header_font=\u00bb||||||||\u00bb header_2_font=\u00bbAlice||||||||\u00bb header_2_text_align=\u00bbcenter\u00bb header_2_text_color=\u00bb#EDF000&#8243; header_2_font_size=\u00bb31px\u00bb header_2_line_height=\u00bb1.3em\u00bb header_4_text_color=\u00bb#EDF000&#8243; background_color=\u00bb#264059&#8243; custom_margin=\u00bb||20px|\u00bb custom_padding=\u00bb10px|10px|10px|10px|true|true\u00bb animation_style=\u00bbslide\u00bb animation_direction=\u00bbtop\u00bb animation_intensity_slide=\u00bb30%\u00bb animation_starting_opacity=\u00bb100%\u00bb]<\/p>\n<h2>Comunicaci\u00f3n cooperativa<\/h2>\n<p>[\/et_pb_text][\/et_pb_column][\/et_pb_row][et_pb_row _builder_version=\u00bb4.9.4&#8243; _module_preset=\u00bbdefault\u00bb][et_pb_column type=\u00bb4_4&#8243; _builder_version=\u00bb4.9.4&#8243; _module_preset=\u00bbdefault\u00bb][et_pb_text content_phone=\u00bb<\/p>\n<h5>Contenidos futuros del sitio %22El aguinaldo y el guirria de Bele\u00f1o%22<\/h5>\n<p>\u00bb content_last_edited=\u00bboff|desktop\u00bb _builder_version=\u00bb4.9.4&#8243; _module_preset=\u00bbdefault\u00bb hover_enabled=\u00bb0&#8243; sticky_enabled=\u00bb0&#8243;]<\/p>\n<p><strong>CONTENIDOS FUTUROS DE ESTE SITIO:\u00a0<\/strong><span style=\"font-size: 14px;\">De acuerdo con lo previsto, y tras el estreno, esta web proporcionar\u00e1 acceso libre al visionado del documental \u00ab<em><strong>El Guirria y el Aguinaldo de Bele\u00f1o<\/strong><\/em>\u00ab, y facilitar\u00e1 las descargas de modo gratuito para su empleo no comercial, tanto privado como educativo o de difusi\u00f3n cultural-institucional.<\/span><\/p>\n<p><span style=\"font-size: 14px;\">Dado el inter\u00e9s social del proyecto, se publicar\u00e1 una galer\u00eda con las im\u00e1genes hist\u00f3ricas de mayor relevancia para su documentaci\u00f3n colaborativa. En el espacio habilitado, los vecinos, familiares o conocedores del contexto, podr\u00e1n introducir los datos y precisiones que estimen oportunas.<\/span><\/p>\n<p>[\/et_pb_text][\/et_pb_column][\/et_pb_row][\/et_pb_section]<\/p>\n","protected":false},"excerpt":{"rendered":"<p>[et_pb_section fb_built=\u00bb1&#8243; admin_label=\u00bbSeasonal Collection\u00bb _builder_version=\u00bb4.9.4&#8243; background_color=\u00bb#264059&#8243; use_background_color_gradient=\u00bbon\u00bb background_color_gradient_start=\u00bb#264059&#8243; background_color_gradient_end=\u00bbrgba(38,64,89,0)\u00bb background_color_gradient_direction=\u00bb90deg\u00bb background_color_gradient_start_position=\u00bb30%\u00bb background_color_gradient_end_position=\u00bb80%\u00bb background_color_gradient_overlays_image=\u00bbon\u00bb background_image=\u00bbhttps:\/\/aguinaldo.eu\/wp-content\/uploads\/2021\/06\/El-Aguinaldo-a-scaled.jpg\u00bb custom_margin=\u00bb|||\u00bb custom_padding=\u00bb10%|0px|10%|0px\u00bb][et_pb_row custom_padding_last_edited=\u00bboff|desktop\u00bb admin_label=\u00bbHero Area\u00bb _builder_version=\u00bb3.25&#8243; custom_padding=\u00bb27px|0px|0px|0px\u00bb][et_pb_column type=\u00bb4_4&#8243; _builder_version=\u00bb3.25&#8243; custom_padding=\u00bb|||\u00bb custom_padding__hover=\u00bb|||\u00bb][et_pb_text admin_label=\u00bbHero Title\u00bb _builder_version=\u00bb4.9.4&#8243; text_font=\u00bbPlayfair Display||||||||\u00bb header_font=\u00bbAlice||||||||\u00bb header_font_size=\u00bb120px\u00bb header_letter_spacing=\u00bb-3px\u00bb header_line_height=\u00bb1.1em\u00bb background_layout=\u00bbdark\u00bb animation_style=\u00bbfade\u00bb animation_direction=\u00bbleft\u00bb animation_duration=\u00bb2000ms\u00bb hover_enabled=\u00bb0&#8243; text_font_size_last_edited=\u00bboff|desktop\u00bb header_font_size_tablet=\u00bb\u00bb header_font_size_phone=\u00bb60px\u00bb header_font_size_last_edited=\u00bbon|desktop\u00bb sticky_enabled=\u00bb0&#8243;] Fuentes documentales El Guirria y el Aguinaldo \u00a0de Bele\u00f1o [\/et_pb_text][et_pb_text _builder_version=\u00bb4.9.4&#8243; [&hellip;]<\/p>\n","protected":false},"author":1,"featured_media":0,"parent":0,"menu_order":0,"comment_status":"closed","ping_status":"closed","template":"","meta":{"_et_pb_use_builder":"on","_et_pb_old_content":"","_et_gb_content_width":"","footnotes":""},"class_list":["post-6","page","type-page","status-publish","hentry"],"_links":{"self":[{"href":"https:\/\/aguinaldo.eu\/index.php\/wp-json\/wp\/v2\/pages\/6","targetHints":{"allow":["GET"]}}],"collection":[{"href":"https:\/\/aguinaldo.eu\/index.php\/wp-json\/wp\/v2\/pages"}],"about":[{"href":"https:\/\/aguinaldo.eu\/index.php\/wp-json\/wp\/v2\/types\/page"}],"author":[{"embeddable":true,"href":"https:\/\/aguinaldo.eu\/index.php\/wp-json\/wp\/v2\/users\/1"}],"replies":[{"embeddable":true,"href":"https:\/\/aguinaldo.eu\/index.php\/wp-json\/wp\/v2\/comments?post=6"}],"version-history":[{"count":65,"href":"https:\/\/aguinaldo.eu\/index.php\/wp-json\/wp\/v2\/pages\/6\/revisions"}],"predecessor-version":[{"id":377,"href":"https:\/\/aguinaldo.eu\/index.php\/wp-json\/wp\/v2\/pages\/6\/revisions\/377"}],"wp:attachment":[{"href":"https:\/\/aguinaldo.eu\/index.php\/wp-json\/wp\/v2\/media?parent=6"}],"curies":[{"name":"wp","href":"https:\/\/api.w.org\/{rel}","templated":true}]}}